{"id":43,"date":"2019-07-24T19:18:56","date_gmt":"2019-07-24T17:18:56","guid":{"rendered":"https:\/\/www.coreduc.cl\/ocb\/?page_id=43"},"modified":"2023-05-18T16:28:49","modified_gmt":"2023-05-18T20:28:49","slug":"especialidades","status":"publish","type":"page","link":"https:\/\/www.coreduc.cl\/ocb\/especialidades\/","title":{"rendered":"Especialidades"},"content":{"rendered":"<div class=\"wpb-content-wrapper\"><p>[vc_row css_animation=\u00bb\u00bb row_type=\u00bbrow\u00bb use_row_as_full_screen_section=\u00bbno\u00bb type=\u00bbfull_width\u00bb angled_section=\u00bbno\u00bb text_align=\u00bbleft\u00bb background_image_as_pattern=\u00bbwithout_pattern\u00bb][vc_column][vc_column_text]<\/p>\n<h3><strong>SECTOR METALMEC\u00c1NICO: ESTE SECTOR ES EL MOTOR DEL DESARROLLO INDUSTRIAL, IMPARTE DOS ESPECIALIDADES<\/strong><\/h3>\n<p>[\/vc_column_text][vc_empty_space][\/vc_column][\/vc_row][vc_row css_animation=\u00bb\u00bb row_type=\u00bbrow\u00bb use_row_as_full_screen_section=\u00bbno\u00bb type=\u00bbfull_width\u00bb angled_section=\u00bbno\u00bb text_align=\u00bbleft\u00bb background_image_as_pattern=\u00bbwithout_pattern\u00bb][vc_column][vc_gallery type=\u00bbimage_grid\u00bb images=\u00bb16329,16330,16331,16332,16333,16334,16335,16336,16337,16338,16339,16340,16341,16342,16343,16344,16345,16346&#8243; img_size=\u00bb400&#215;400&#8243; column_number=\u00bb5&#8243; grayscale=\u00bbno\u00bb images_space=\u00bbgallery_with_space\u00bb][\/vc_column][\/vc_row][vc_row css_animation=\u00bb\u00bb row_type=\u00bbrow\u00bb use_row_as_full_screen_section=\u00bbno\u00bb type=\u00bbfull_width\u00bb angled_section=\u00bbno\u00bb text_align=\u00bbleft\u00bb background_image_as_pattern=\u00bbwithout_pattern\u00bb][vc_column][vc_empty_space][vc_column_text]<\/p>\n<ol>\n<li>\n<p style=\"text-align: justify;\">La especialidad de Mec\u00e1nica Industrial ha adoptado, la Modalidad de Ense\u00f1anza T\u00e9cnico Profesional en la Formaci\u00f3n Dual, con un plan de estudio que se desarrolla en dos lugares de aprendizaje, Liceo-Empresa.<\/p>\n<\/li>\n<li>\n<p style=\"text-align: justify;\">Dentro su formaci\u00f3n profesional, los alumnos de esta especialidad deben desarrollar las siguientes \u00e1reas de competencias del Perfil Profesional del T\u00e9cnico de Nivel Medio: Montaje y mantenimiento de sistemas mec\u00e1nicos; Mecanizado de piezas; Operaci\u00f3n de equipos industriales; Administraci\u00f3n de peque\u00f1a empresa o taller.<\/p>\n<\/li>\n<\/ol>\n<p>&nbsp;<\/p>\n<p style=\"text-align: justify;\">El principal campo laboral de un mec\u00e1nico industrial est\u00e1 focalizado en el sector industrial minero y servicios de mantenci\u00f3n industrial.<\/p>\n<p style=\"text-align: justify;\">Dentro de las principales innovaciones, se destaca la conexi\u00f3n de la especialidad a Internet, la incorporaci\u00f3n de dos modernos equipos de CNC, para pr\u00e1cticas de aprendizajes en torno y fresa y Laboratorio de Neum\u00e1tica e Hidr\u00e1ulica.<\/p>\n<p style=\"text-align: justify;\">Especialidad que se encuentra en proceso de postulaci\u00f3n acreditaci\u00f3n 2008.<\/p>\n<p><strong>Perfil profesional del T\u00e9cnico de nivel medio en Mec\u00e1nica Industrial<\/strong><\/p>\n<ol>\n<li>Montaje y mantenimiento de sistemas mec\u00e1nicos.<\/li>\n<li>Mecanizaci\u00f3n de piezas.<\/li>\n<li>Operaci\u00f3n de equipos industriales.<\/li>\n<li>Administraci\u00f3n de peque\u00f1a empresa o taller.<\/li>\n<\/ol>\n<p>[\/vc_column_text][vc_empty_space][vc_column_text]<\/p>\n<h4><strong>Empresas colaboradoras con la especialidad<\/strong><\/h4>\n<p>[\/vc_column_text][vc_empty_space][vc_column_text]<\/p>\n<table border=\"0\" width=\"100%\">\n<tbody>\n<tr>\n<td width=\"7%\">1<\/td>\n<td width=\"93%\">ALBERTO MENA VARGAS SERVICIOS DE INGENIERIA E.I.R.L.<\/td>\n<\/tr>\n<tr>\n<td>2<\/td>\n<td width=\"93%\">ANGELO RAMOS MACELLARI<\/td>\n<\/tr>\n<tr>\n<td>3<\/td>\n<td width=\"93%\">ANGLO AMERICAN SUR S.A.<\/td>\n<\/tr>\n<tr>\n<td>4<\/td>\n<td width=\"93%\">ARIDOS ACONCAGUA LTDA.<\/td>\n<\/tr>\n<tr>\n<td>5<\/td>\n<td width=\"93%\">C. y L. Retificadora de Motores<\/td>\n<\/tr>\n<tr>\n<td>6<\/td>\n<td width=\"93%\">CLAUDIO SAAVEDRA MOLINA<\/td>\n<\/tr>\n<tr>\n<td>7<\/td>\n<td width=\"93%\">EDUARDO ESCOBAR ZAMORANO<\/td>\n<\/tr>\n<tr>\n<td>8<\/td>\n<td width=\"93%\">HERNAN AZOCAR SOTO<\/td>\n<\/tr>\n<tr>\n<td>9<\/td>\n<td width=\"93%\">IMPORTADORA TRES CORONAS LTDA.<\/td>\n<\/tr>\n<tr>\n<td>10<\/td>\n<td width=\"93%\">LUBRI FRENOS SANCHEZ<\/td>\n<\/tr>\n<tr>\n<td>11<\/td>\n<td width=\"93%\">LUBRI-FRENOS SANCHEZ<\/td>\n<\/tr>\n<tr>\n<td>12<\/td>\n<td width=\"93%\">LUIS RAMON OLIVARES FREDES<\/td>\n<\/tr>\n<tr>\n<td>13<\/td>\n<td width=\"93%\">MAESTRANZA ALEMANIA LTDA.<\/td>\n<\/tr>\n<tr>\n<td>14<\/td>\n<td width=\"93%\">MANUEL LIZAMA VEGA<\/td>\n<\/tr>\n<tr>\n<td>15<\/td>\n<td width=\"93%\">MULTISERVICE GEOMIN DEL NORTE<\/td>\n<\/tr>\n<tr>\n<td>16<\/td>\n<td width=\"93%\">OSORIO HNOS. Y CIA. LTDA.<\/td>\n<\/tr>\n<tr>\n<td>17<\/td>\n<td width=\"93%\">PABLO CESAR GAETE PEREZ;<\/td>\n<\/tr>\n<tr>\n<td>18<\/td>\n<td width=\"93%\">RECTIFICACIONES ACONCAGUA LTDA.<\/td>\n<\/tr>\n<tr>\n<td>19<\/td>\n<td width=\"93%\">SERGIO VALENZUELA BERNAL<\/td>\n<\/tr>\n<tr>\n<td>20<\/td>\n<td width=\"93%\">SERVICIO TECNICO AUTOMOTRIZ \u201cRICHY\u201d<\/td>\n<\/tr>\n<tr>\n<td>21<\/td>\n<td width=\"93%\">SERVICIOS INDUSTRIALES Y MECANIZADO LTDA.<\/td>\n<\/tr>\n<tr>\n<td>22<\/td>\n<td width=\"93%\">SOC. SERVICIOS MECANICOS PACHECO LTDA.<\/td>\n<\/tr>\n<tr>\n<td>23<\/td>\n<td width=\"93%\">SOPRAVAL S.A.<\/td>\n<\/tr>\n<tr>\n<td>24<\/td>\n<td width=\"93%\">TALLER DE TORNERIA Y SOLDADURA<\/td>\n<\/tr>\n<\/tbody>\n<\/table>\n<p>[\/vc_column_text][vc_empty_space][vc_column_text]<\/p>\n<h3><strong>CONSTRUCCIONES MET\u00c1LICAS<\/strong><\/h3>\n<p>[\/vc_column_text][vc_empty_space][\/vc_column][\/vc_row][vc_row css_animation=\u00bb\u00bb row_type=\u00bbrow\u00bb use_row_as_full_screen_section=\u00bbno\u00bb type=\u00bbfull_width\u00bb angled_section=\u00bbno\u00bb text_align=\u00bbleft\u00bb background_image_as_pattern=\u00bbwithout_pattern\u00bb][vc_column][vc_gallery type=\u00bbimage_grid\u00bb images=\u00bb16264,16265,16266,16267,16268,16269,16270,16271,16272,16273,16274,16275,16276,16277,16278,16279,16280&#8243; img_size=\u00bb400&#215;400&#8243; column_number=\u00bb5&#8243; grayscale=\u00bbno\u00bb images_space=\u00bbgallery_with_space\u00bb][\/vc_column][\/vc_row][vc_row css_animation=\u00bb\u00bb row_type=\u00bbrow\u00bb use_row_as_full_screen_section=\u00bbno\u00bb type=\u00bbfull_width\u00bb angled_section=\u00bbno\u00bb text_align=\u00bbleft\u00bb background_image_as_pattern=\u00bbwithout_pattern\u00bb][vc_column][vc_empty_space][vc_column_text]<\/p>\n<ol>\n<li>1. La especialidad de Construcciones Met\u00e1licas, cuenta con un moderno taller equipado con maquinar\u00eda de tecnolog\u00eda de punta, que permite a los alumnos adquirir los conocimientos y habilidades en respuesta a las siguientes \u00e1reas de competencias del Perfil Profesional del T\u00e9cnico de Nivel Medio: Trazado, corte, mecanizado y conformado de chapas, perfiles y tubos para construcciones met\u00e1licas;\u00a0Uni\u00f3n por soldadura de piezas y conjuntos para fabricar, montar o reparar construcciones met\u00e1licas; Montajes de elementos y subconjuntos de construcciones met\u00e1licas; Control de calidad en construcci\u00f3n met\u00e1lica; Administraci\u00f3n de peque\u00f1a empresa.<\/li>\n<li>Dentro de las principales innovaciones, se destaca moderno laboratorio de ensayo de soldadura, 16 cabinas de soldadura equipadas con modernos equipos y sistemas de arco manual, TIG, MIG, oxiacetil\u00e9nica y corte.<\/li>\n<li>La especialidad est\u00e1 conectada a Internet.<\/li>\n<li>Especialidad acreditada el a\u00f1o 2004.<\/li>\n<\/ol>\n<p><strong><br \/>\nPerfil profesional del T\u00e9cnico de nivel medio en Construcciones Met\u00e1licas<\/strong><\/p>\n<ol>\n<li>Trazado, corte, mecanizado y conformado de chapas, perfiles y tubos para construcciones met\u00e1licas.<\/li>\n<li>Uni\u00f3n por soldadura de piezas y conjuntos para fabricar, montar o reparar construcciones met\u00e1licas.<\/li>\n<li>Montaje de elementos y sub-conjuntos de construcciones met\u00e1licas.<\/li>\n<li>Control de calidad en la construcci\u00f3n met\u00e1lica.<\/li>\n<li>Administraci\u00f3n de peque\u00f1a empresa o taller.<\/li>\n<\/ol>\n<p><strong><br \/>\nEmpresas colaboradoras con la especialidad<\/strong><\/p>\n<table border=\"0\" width=\"100%\">\n<tbody>\n<tr>\n<td width=\"7%\">1<\/td>\n<td width=\"93%\">ALBERTO MENA VARGAS SERVICIOS DE INGENIERIA EIRL<\/td>\n<\/tr>\n<tr>\n<td>2<\/td>\n<td width=\"93%\">ALGAS MARINAS S.A. ALGAMAR<\/td>\n<\/tr>\n<tr>\n<td>3<\/td>\n<td width=\"93%\">ALONSO HECTOR CARDENAS AGUIRRE<\/td>\n<\/tr>\n<tr>\n<td>4<\/td>\n<td width=\"93%\">ANGELO RAMOS MACELLARI<\/td>\n<\/tr>\n<tr>\n<td>5<\/td>\n<td width=\"93%\">ANYELA HAUSHEER ARAVENA<\/td>\n<\/tr>\n<tr>\n<td>6<\/td>\n<td width=\"93%\">CIA. MINERA LA PATAGUA<\/td>\n<\/tr>\n<tr>\n<td>7<\/td>\n<td width=\"93%\">CONSTRUCTORA BAICAL LTDA.<\/td>\n<\/tr>\n<tr>\n<td>8<\/td>\n<td width=\"93%\">CONSTRUCTORA RAL<\/td>\n<\/tr>\n<tr>\n<td>9<\/td>\n<td width=\"93%\">CONSTRUCTORA SEDELBA LIMITADA<\/td>\n<\/tr>\n<tr>\n<td>10<\/td>\n<td width=\"93%\">EDUARDO BRIONES ORELLANA<\/td>\n<\/tr>\n<tr>\n<td>11<\/td>\n<td width=\"93%\">EDUARDO TORREBLANCA Y CIA. LTDA.<\/td>\n<\/tr>\n<tr>\n<td>12<\/td>\n<td width=\"93%\">EMELRAS E.I.R.L.<\/td>\n<\/tr>\n<tr>\n<td>13<\/td>\n<td width=\"93%\">EMPRESA ESBAO \u2013 ROSA LORENA ARANCIBIA VERA<\/td>\n<\/tr>\n<tr>\n<td>14<\/td>\n<td width=\"93%\">FAEMIN LTDA.<\/td>\n<\/tr>\n<tr>\n<td>15<\/td>\n<td width=\"93%\">H&amp;P SERVICIOS INDUSTRIALES<\/td>\n<\/tr>\n<tr>\n<td>16<\/td>\n<td width=\"93%\">INGEAP LTDA.<\/td>\n<\/tr>\n<tr>\n<td>17<\/td>\n<td width=\"93%\">INGENIERIA APLICADA LIMITADA<\/td>\n<\/tr>\n<tr>\n<td>18<\/td>\n<td width=\"93%\">J MAESTRANZA Y CIA. LTDA.<\/td>\n<\/tr>\n<tr>\n<td>19<\/td>\n<td width=\"93%\">MAESTRANZA SALINAS LTDA.<\/td>\n<\/tr>\n<tr>\n<td>20<\/td>\n<td width=\"93%\">MAESTRANZA WILDE LTDA.<\/td>\n<\/tr>\n<tr>\n<td>21<\/td>\n<td width=\"93%\">MANTENCION, MONTAJE Y CONSTRUCCION LTDA.<\/td>\n<\/tr>\n<tr>\n<td>22<\/td>\n<td width=\"93%\">MINETEC S.A.<\/td>\n<\/tr>\n<tr>\n<td>23<\/td>\n<td width=\"93%\">MINOMET LTDA.<\/td>\n<\/tr>\n<tr>\n<td>24<\/td>\n<td width=\"93%\">RAUL ROJAS E HIJOS LTDA.<\/td>\n<\/tr>\n<tr>\n<td>25<\/td>\n<td width=\"93%\">RyR MAESTRANZA LIMITADA<\/td>\n<\/tr>\n<tr>\n<td>26<\/td>\n<td width=\"93%\">SERVICIOS AGROINDUSTRIALES SUBSOLE S.A.<\/td>\n<\/tr>\n<tr>\n<td>27<\/td>\n<td width=\"93%\">SERVICIOS ARCOS SYP LIMITADA<\/td>\n<\/tr>\n<tr>\n<td>28<\/td>\n<td width=\"93%\">SERVICIOS INDUSTRIALES EMOW LTDA.<\/td>\n<\/tr>\n<tr>\n<td>29<\/td>\n<td width=\"93%\">SERVICIOS INDUSTRIALES SOLDESP LTDA.<\/td>\n<\/tr>\n<tr>\n<td>30<\/td>\n<td width=\"93%\">SERVICIOS INDUSTRIALES Y MECANIZADOS LTDA.<\/td>\n<\/tr>\n<tr>\n<td>31<\/td>\n<td width=\"93%\">SOC. FORJA METAL CANDIA<\/td>\n<\/tr>\n<tr>\n<td>32<\/td>\n<td width=\"93%\">SOC. SERVICIOS INDUSTRIALES PIZARRO LTDA.<\/td>\n<\/tr>\n<tr>\n<td>33<\/td>\n<td width=\"93%\">SOCIEDAD AGRO INDUSTRIAL LA PALMERA LTDA.<\/td>\n<\/tr>\n<tr>\n<td>34<\/td>\n<td width=\"93%\">SOCIEDAD CONSTRUCTORA FyZ HERMANOS LTDA.<\/td>\n<\/tr>\n<tr>\n<td>35<\/td>\n<td width=\"93%\">SOCIEDAD FCA. Y MONTAJE INDUSTRIAL ARCOSYP LTDA.<\/td>\n<\/tr>\n<tr>\n<td>36<\/td>\n<td width=\"93%\">TALLER MECANICO ALEJANDRO ALVAREZ<\/td>\n<\/tr>\n<\/tbody>\n<\/table>\n<p>[\/vc_column_text][vc_empty_space][vc_column_text]<\/p>\n<h3><strong>SECTOR ELECTRICIDAD<\/strong><\/h3>\n<p>[\/vc_column_text][vc_empty_space][vc_column_text]Este sector cuenta con dos especialidades, Electricidad y Electr\u00f3nica, para impartir formaci\u00f3n t\u00e9cnica y dentro de las principales innovaciones con que cuenta el Sector, para las pr\u00e1cticas de aprendizajes de los alumnos son: Laboratorio de Electr\u00f3nica; Laboratorio de Fuerza; Sala de m\u00e1quinas, con moderno equipamiento de \u00faltima tecnolog\u00eda.<br \/>\nEl Sector cuenta con conexi\u00f3n a Internet.[\/vc_column_text][vc_empty_space][\/vc_column][\/vc_row][vc_row css_animation=\u00bb\u00bb row_type=\u00bbrow\u00bb use_row_as_full_screen_section=\u00bbno\u00bb type=\u00bbfull_width\u00bb angled_section=\u00bbno\u00bb text_align=\u00bbleft\u00bb background_image_as_pattern=\u00bbwithout_pattern\u00bb][vc_column][vc_gallery type=\u00bbimage_grid\u00bb images=\u00bb16282,16283,16284,16285,16286,16287,16288,16289,16290,16291,16292,16293,16294,16295,16296,16297,16298,16299,16300,16301,16302,16303&#8243; img_size=\u00bb400&#215;400&#8243; column_number=\u00bb5&#8243; grayscale=\u00bbno\u00bb images_space=\u00bbgallery_with_space\u00bb][\/vc_column][\/vc_row][vc_row css_animation=\u00bb\u00bb row_type=\u00bbrow\u00bb use_row_as_full_screen_section=\u00bbno\u00bb type=\u00bbfull_width\u00bb angled_section=\u00bbno\u00bb text_align=\u00bbleft\u00bb background_image_as_pattern=\u00bbwithout_pattern\u00bb][vc_column][vc_empty_space][vc_column_text]<\/p>\n<ol>\n<li>Dentro su formaci\u00f3n profesional, los alumnos de esta especialidad deben desarrollar las siguientes \u00e1reas de competencias del Perfil Profesional del T\u00e9cnico de Nivel Medio: Realizar proyectos el\u00e9ctricos en baja tensi\u00f3n y control; Montar, instalar y desmontar componentes, dispositivos, m\u00e1quinas y equipos el\u00e9ctricos; Operar y mantener dispositivos, m\u00e1quinas y equipos el\u00e9ctricos; Armar, construir, probar y modificar dispositivos, circuitos y equipos el\u00e9ctricos; Administrar recursos.<\/li>\n<li>Especialidad acreditada el a\u00f1o 2005.<\/li>\n<\/ol>\n<p><strong><br \/>\nPerfil profesional del T\u00e9cnico de nivel medio en Electricidad<\/strong><\/p>\n<ol>\n<li>Realizar proyectos el\u00e9ctricos en baja tensi\u00f3n y control.<\/li>\n<li>Montar, instalar, y desmontar componentes, dispositivos m\u00e1quinas y equipos el\u00e9ctricos.<\/li>\n<li>Armar, construir, probar y modificar dispositivos, circuitos y equipos el\u00e9ctricos.<\/li>\n<li>Armar, construir, probar y modificar dispositivos, circuitos y equipos el\u00e9ctricos.<\/li>\n<li>Administrar recursos.<\/li>\n<\/ol>\n<p>[\/vc_column_text][vc_empty_space][vc_column_text]<\/p>\n<h3><strong>ELECTR\u00d3NICA<\/strong><\/h3>\n<p>[\/vc_column_text][vc_empty_space][vc_gallery type=\u00bbimage_grid\u00bb images=\u00bb16306,16307,16308,16309,16310,16311,16312,16313,16314,16315,16316,16317,16318,16319,16320,16321,16322,16323,16324,16325,16326,16327&#8243; img_size=\u00bb400&#215;400&#8243; column_number=\u00bb5&#8243; grayscale=\u00bbno\u00bb images_space=\u00bbgallery_with_space\u00bb][vc_empty_space][vc_column_text]Empresas colaboradoras con el Sector de Electricidad<\/p>\n<table border=\"0\" width=\"100%\">\n<tbody>\n<tr>\n<td width=\"7%\">1<\/td>\n<td width=\"93%\">ALEX RODRIGO OSORIO SECO<\/td>\n<\/tr>\n<tr>\n<td>2<\/td>\n<td width=\"93%\">AGROCOMERCIAL FRUCHAC S.A.<\/td>\n<\/tr>\n<tr>\n<td>3<\/td>\n<td width=\"93%\">ALGAS MARINAS S.A. ALGAMAR<\/td>\n<\/tr>\n<tr>\n<td>4<\/td>\n<td width=\"93%\">ANGLO AMERICAN SUR SOCIEDAD ANONIMA<\/td>\n<\/tr>\n<tr>\n<td>5<\/td>\n<td width=\"93%\">AXELEC Ingenier\u00eda El\u00e9ctrica<\/td>\n<\/tr>\n<tr>\n<td>6<\/td>\n<td width=\"93%\">BKB LTDA.<\/td>\n<\/tr>\n<tr>\n<td>7<\/td>\n<td width=\"93%\">CONSERVAS CENTAURO S.A.<\/td>\n<\/tr>\n<tr>\n<td>8<\/td>\n<td width=\"93%\">CONSTRUCTORA RAL<\/td>\n<\/tr>\n<tr>\n<td>9<\/td>\n<td width=\"93%\">COSSAC LIMITADA<\/td>\n<\/tr>\n<tr>\n<td>10<\/td>\n<td width=\"93%\">DASYM SPA<\/td>\n<\/tr>\n<tr>\n<td>11<\/td>\n<td width=\"93%\">DI MAGNA LTDA.<\/td>\n<\/tr>\n<tr>\n<td>12<\/td>\n<td width=\"93%\">EMEQ INGENIERIA ELECTRICA LTDA.<\/td>\n<\/tr>\n<tr>\n<td>13<\/td>\n<td width=\"93%\">INGENIERIA Y SERVICIOS ALFOR<\/td>\n<\/tr>\n<tr>\n<td>14<\/td>\n<td width=\"93%\">INGENIERIA Y TRANSPORTES INTRELEC LTDA.<\/td>\n<\/tr>\n<tr>\n<td>15<\/td>\n<td width=\"93%\">JOTACE INGENIERIA LTDA.<\/td>\n<\/tr>\n<tr>\n<td>16<\/td>\n<td width=\"93%\">JUAN LUIS GUZMAN CALVO<\/td>\n<\/tr>\n<tr>\n<td>17<\/td>\n<td width=\"93%\">MARCELO CORTES SAN MARTIN<\/td>\n<\/tr>\n<tr>\n<td>18<\/td>\n<td width=\"93%\">PRODUCTOS CHILENOS DE ACERO LTDA.<\/td>\n<\/tr>\n<tr>\n<td>19<\/td>\n<td width=\"93%\">SERCOIN LTDA.<\/td>\n<\/tr>\n<tr>\n<td>20<\/td>\n<td width=\"93%\">SERVICIO TECNICO GLOBALSERVICE LTDA.<\/td>\n<\/tr>\n<tr>\n<td>21<\/td>\n<td>SERVICIO TECNICO INTEGRAL<\/td>\n<\/tr>\n<tr>\n<td>22<\/td>\n<td width=\"93%\">SERVICIOS INDUSTRIALES IMPROMAQ LIMITADA<\/td>\n<\/tr>\n<tr>\n<td>23<\/td>\n<td width=\"93%\">SERVICIOS INDUSTRIALES SOLDESP LTDA.<\/td>\n<\/tr>\n<tr>\n<td>24<\/td>\n<td width=\"93%\">SERVICIOS SANITARIOS Rg LIMITADA<\/td>\n<\/tr>\n<tr>\n<td>25<\/td>\n<td width=\"93%\">SIMANTEC S.A.<\/td>\n<\/tr>\n<tr>\n<td>26<\/td>\n<td width=\"93%\">SOC. DE SERVICIOS INDUSTRIALES HENERGY Y LTDA.<\/td>\n<\/tr>\n<tr>\n<td>27<\/td>\n<td width=\"93%\">SOCIEDAD SERVICIOS PIZARRO LTDA.<\/td>\n<\/tr>\n<tr>\n<td>28<\/td>\n<td width=\"93%\">SODIMAC S.A.<\/td>\n<\/tr>\n<tr>\n<td>29<\/td>\n<td width=\"93%\">TECNOLOGIA Y SERVICIOS COMPUACIONALES<\/td>\n<\/tr>\n<tr>\n<td>30<\/td>\n<td width=\"93%\">YT INGENIERIA LTDA.<\/td>\n<\/tr>\n<\/tbody>\n<\/table>\n<p>[\/vc_column_text][vc_empty_space][vc_column_text]<\/p>\n<h3><strong>SECTOR CONSTRUCCI\u00d3N<\/strong><\/h3>\n<p>[\/vc_column_text][vc_empty_space][\/vc_column][\/vc_row][vc_row css_animation=\u00bb\u00bb row_type=\u00bbrow\u00bb use_row_as_full_screen_section=\u00bbno\u00bb type=\u00bbfull_width\u00bb angled_section=\u00bbno\u00bb text_align=\u00bbleft\u00bb background_image_as_pattern=\u00bbwithout_pattern\u00bb][vc_column][vc_gallery type=\u00bbimage_grid\u00bb images=\u00bb16235,16236,16237,16238,16239,16240,16241,16242,16243,16244,16245,16246,16247,16248,16249,16250,16251,16252,16253,16254,16255,16256,16257,16258,16259,16260&#8243; img_size=\u00bb400&#215;400&#8243; column_number=\u00bb5&#8243; grayscale=\u00bbno\u00bb images_space=\u00bbgallery_with_space\u00bb][\/vc_column][\/vc_row][vc_row css_animation=\u00bb\u00bb row_type=\u00bbrow\u00bb use_row_as_full_screen_section=\u00bbno\u00bb type=\u00bbfull_width\u00bb angled_section=\u00bbno\u00bb text_align=\u00bbleft\u00bb background_image_as_pattern=\u00bbwithout_pattern\u00bb][vc_column][vc_empty_space][vc_column_text]<\/p>\n<h4>Edificaci\u00f3n<\/h4>\n<p>Esta especialidad ha adoptado la Modalidad de Ense\u00f1anza T\u00e9cnico Profesional en la Formaci\u00f3n Dual, con un plan de estudio que se desarrolla en dos lugares de aprendizaje, Liceo-Empresa. Especialidad Acreditada el a\u00f1o 2004.<\/p>\n<ol>\n<li>Dentro de su formaci\u00f3n profesional, los alumnos de esta especialidad deben desarrollar las siguientes \u00e1reas de competencias\u00a0del Perfil Profesional del T\u00e9cnico de Nivel Medio: Planificar y ejecutar el trazado y excavaci\u00f3n de obras de edificaci\u00f3n; Planificar, armar e instalar obras de enfierradura; Planificar y ejecutar obras de hormig\u00f3n; Planificar y ejecutar obras de alba\u00f1iler\u00eda; Planificar y ejecutar obras de carpinter\u00eda.<\/li>\n<li>Su principal campo laboral esta en el sector de la construcci\u00f3n.<\/li>\n<\/ol>\n<h4>Perfil profesional del T\u00e9cnico de nivel medio en Edificaci\u00f3n<\/h4>\n<ol>\n<li>Planificar y ejecutar el trazado y excavaci\u00f3n de obras de edificaci\u00f3n.<\/li>\n<li>Planificar, armar e instalar obras de enfierradura.<\/li>\n<li>Planificar y ejecutar obras de hormig\u00f3n.<\/li>\n<li>Planificar y ejecutar obras de alba\u00f1iler\u00eda.<\/li>\n<li>Planificar y ejecutar obras de carpinter\u00eda<\/li>\n<\/ol>\n<p><strong><br \/>\nEmpresas colaboradoras con el Sector Construcci\u00f3n<\/strong><\/p>\n<table border=\"0\" width=\"100%\">\n<tbody>\n<tr>\n<td width=\"7%\">1<\/td>\n<td width=\"93%\">AGRICOLA MANANTIALES DE CATAPILCO LTDA.<\/td>\n<\/tr>\n<tr>\n<td>2<\/td>\n<td width=\"93%\">CLAUDIO R. ELORDI MONCADA<\/td>\n<\/tr>\n<tr>\n<td>3<\/td>\n<td width=\"93%\">CONSTRUCCIONES Y PROYECTOS D&amp;D<\/td>\n<\/tr>\n<tr>\n<td>4<\/td>\n<td width=\"93%\">CONSTRUCTORA E INMOBILAIARIA GUILLERMO CASTRO Y CIA. LTDA.<\/td>\n<\/tr>\n<tr>\n<td>5<\/td>\n<td width=\"93%\">CONSTRUCTORA ITALO ESPA\u00d1OLA LTDA.<\/td>\n<\/tr>\n<tr>\n<td>6<\/td>\n<td width=\"93%\">CONSTRUCTORA PACAL S.A.<\/td>\n<\/tr>\n<tr>\n<td>7<\/td>\n<td width=\"93%\">ERICK MOLINA ZAMORA<\/td>\n<\/tr>\n<tr>\n<td>8<\/td>\n<td width=\"93%\">FRAMBAS CONSTRUCCIONES<\/td>\n<\/tr>\n<tr>\n<td>9<\/td>\n<td width=\"93%\">FRANCISCO JARAMILLO ARRA\u00d1O<\/td>\n<\/tr>\n<tr>\n<td>10<\/td>\n<td width=\"93%\">GEISY CAROL YANCA VELIZ<\/td>\n<\/tr>\n<tr>\n<td>11<\/td>\n<td>I. MUNICIPALIDAD DE HIJUELAS<\/td>\n<\/tr>\n<tr>\n<td>12<\/td>\n<td width=\"93%\">LUIS GERALDO JERIA PIZARRO<\/td>\n<\/tr>\n<tr>\n<td>13<\/td>\n<td width=\"93%\">OBRAS CIVILES DARIO ZEPEDA<\/td>\n<\/tr>\n<tr>\n<td>14<\/td>\n<td width=\"93%\">Soc. Constructora e Inversiones Grupo Sponza Ltda.<\/td>\n<\/tr>\n<tr>\n<td>15<\/td>\n<td width=\"93%\">UNDER CONSTRUCCION E.I.R.L.<\/td>\n<\/tr>\n<\/tbody>\n<\/table>\n<p>[\/vc_column_text][vc_empty_space][vc_column_text]<strong>PROCESO DE PR\u00c1CTICA Y\u00a0TITULACI\u00d3N<\/strong><\/p>\n<p>El proceso de pr\u00e1ctica y titulaci\u00f3n es una de las actividades m\u00e1s relevante del Liceo, y para ello se focalizan grandes esfuerzos y recursos en el seguimiento y tutor\u00edas de las pr\u00e1cticas profesionales y posterior seguimiento de titulados e inserci\u00f3n laboral.<\/p>\n<p>Para cumplir con este objetivo, se asignan las tutor\u00edas de pr\u00e1ctica y titulaci\u00f3n a todos los docentes de las diferentes especialidades del Liceo, quienes cuentan con la asignaci\u00f3n de vi\u00e1ticos para las visitas a empresas y un pago final de tutor\u00eda por alumno titulado.<\/p>\n<p>La Unidad de Formaci\u00f3n T\u00e9cnica encargada del proceso cuenta con una Encargada de Pr\u00e1ctica y Titulaci\u00f3n.<\/p>\n<p>A trav\u00e9s de la unidad se elaboran los planes de pr\u00e1ctica de acuerdo a lo establecido en nuestro Reglamento de Pr\u00e1ctica y Titulaci\u00f3n, el cual se encuentra disponible para los padres, apoderados y alumnos en pr\u00e1ctica en la p\u00e1gina web del liceo:<br \/>\nliceoocb.com<\/p>\n<p>De acuerdo al Plan Trienal, la Meta es alcanzar una tasa de Titulaci\u00f3n del 90% de los alumnos que se someten al proceso:<\/p>\n<ul>\n<li style=\"list-style-type: none;\">\n<ul>\n<li>Como Liceo superamos el porcentaje de titulaci\u00f3n que exige la meta.<\/li>\n<\/ul>\n<\/li>\n<\/ul>\n<p>&nbsp;<\/p>\n<table border=\"0\" width=\"100%\">\n<tbody>\n<tr>\n<td colspan=\"6\"><strong>RELACI\u00d3N EGRESO-PR\u00c1CTICA-TITULACI\u00d3N<\/strong><\/td>\n<\/tr>\n<tr>\n<td colspan=\"6\"><strong>ANTECEDENTES CUANTITATIVOS<\/strong><\/td>\n<\/tr>\n<tr>\n<td width=\"10%\"><strong>A\u00d1OS<\/strong><\/td>\n<td width=\"10%\"><strong>N\u00b0 Alumnos egresados<\/strong><\/td>\n<td width=\"20%\"><strong>N\u00b0 Alumnos en Pr\u00e1ctica en relaci\u00f3n a los egresados<\/strong><\/td>\n<td width=\"20%\"><strong>% Alumnos en Pr\u00e1ctica en relaci\u00f3n a los egresados<\/strong><\/td>\n<td width=\"20%\"><strong>N\u00b0 Alumnos Titulados en relaci\u00f3n a los egresados<\/strong><\/td>\n<td width=\"20%\"><strong>% Alumnos Titulados en relaci\u00f3n a los egresados<\/strong><\/td>\n<\/tr>\n<tr>\n<td><strong>2012<\/strong><\/td>\n<td>198<\/td>\n<td>190<\/td>\n<td>95,95%<\/td>\n<td>190<\/td>\n<td>95,95%<\/td>\n<\/tr>\n<tr>\n<td><strong>2013<\/strong><\/td>\n<td>166<\/td>\n<td>155<\/td>\n<td>93,37%<\/td>\n<td>154<\/td>\n<td>92,77%<\/td>\n<\/tr>\n<tr>\n<td><strong>2014<\/strong><\/td>\n<td>193<\/td>\n<td>180<\/td>\n<td>93,26%<\/td>\n<td>180<\/td>\n<td>93,26%<\/td>\n<\/tr>\n<tr>\n<td><strong>2015<\/strong><\/td>\n<td>175<\/td>\n<td>159<\/td>\n<td>90,85%<\/td>\n<td><\/td>\n<td><\/td>\n<\/tr>\n<\/tbody>\n<\/table>\n<p>&nbsp;<\/p>\n<p>A nivel Corporativo, anualmente se realiza un estudio de seguimiento a los titulados, despu\u00e9s de dos a\u00f1os, con el objetivo de conocer la situaci\u00f3n ocupacional y su trayectoria laboral.[\/vc_column_text][vc_empty_space height=\u00bb150px\u00bb][\/vc_column][\/vc_row]<\/p>\n<\/div>","protected":false},"excerpt":{"rendered":"<p>[vc_row css_animation=\u00bb\u00bb row_type=\u00bbrow\u00bb use_row_as_full_screen_section=\u00bbno\u00bb type=\u00bbfull_width\u00bb angled_section=\u00bbno\u00bb text_align=\u00bbleft\u00bb background_image_as_pattern=\u00bbwithout_pattern\u00bb][vc_column][vc_column_text] SECTOR METALMEC\u00c1NICO: ESTE SECTOR ES EL MOTOR DEL DESARROLLO INDUSTRIAL, IMPARTE DOS ESPECIALIDADES [\/vc_column_text][vc_empty_space][\/vc_column][\/vc_row][vc_row css_animation=\u00bb\u00bb row_type=\u00bbrow\u00bb use_row_as_full_screen_section=\u00bbno\u00bb type=\u00bbfull_width\u00bb angled_section=\u00bbno\u00bb text_align=\u00bbleft\u00bb background_image_as_pattern=\u00bbwithout_pattern\u00bb][vc_column][vc_gallery type=\u00bbimage_grid\u00bb images=\u00bb16329,16330,16331,16332,16333,16334,16335,16336,16337,16338,16339,16340,16341,16342,16343,16344,16345,16346&#8243; img_size=\u00bb400&#215;400&#8243; column_number=\u00bb5&#8243; grayscale=\u00bbno\u00bb images_space=\u00bbgallery_with_space\u00bb][\/vc_column][\/vc_row][vc_row css_animation=\u00bb\u00bb row_type=\u00bbrow\u00bb use_row_as_full_screen_section=\u00bbno\u00bb type=\u00bbfull_width\u00bb angled_section=\u00bbno\u00bb text_align=\u00bbleft\u00bb background_image_as_pattern=\u00bbwithout_pattern\u00bb][vc_column][vc_empty_space][vc_column_text] La especialidad de&#8230;<\/p>\n","protected":false},"author":7,"featured_media":0,"parent":0,"menu_order":0,"comment_status":"closed","ping_status":"closed","template":"","meta":{"footnotes":""},"class_list":["post-43","page","type-page","status-publish","hentry"],"_links":{"self":[{"href":"https:\/\/www.coreduc.cl\/ocb\/wp-json\/wp\/v2\/pages\/43","targetHints":{"allow":["GET"]}}],"collection":[{"href":"https:\/\/www.coreduc.cl\/ocb\/wp-json\/wp\/v2\/pages"}],"about":[{"href":"https:\/\/www.coreduc.cl\/ocb\/wp-json\/wp\/v2\/types\/page"}],"author":[{"embeddable":true,"href":"https:\/\/www.coreduc.cl\/ocb\/wp-json\/wp\/v2\/users\/7"}],"replies":[{"embeddable":true,"href":"https:\/\/www.coreduc.cl\/ocb\/wp-json\/wp\/v2\/comments?post=43"}],"version-history":[{"count":27,"href":"https:\/\/www.coreduc.cl\/ocb\/wp-json\/wp\/v2\/pages\/43\/revisions"}],"predecessor-version":[{"id":16347,"href":"https:\/\/www.coreduc.cl\/ocb\/wp-json\/wp\/v2\/pages\/43\/revisions\/16347"}],"wp:attachment":[{"href":"https:\/\/www.coreduc.cl\/ocb\/wp-json\/wp\/v2\/media?parent=43"}],"curies":[{"name":"wp","href":"https:\/\/api.w.org\/{rel}","templated":true}]}}