{"id":80,"date":"2019-09-11T12:48:27","date_gmt":"2019-09-11T15:48:27","guid":{"rendered":"https:\/\/www.coreduc.cl\/jsu\/?page_id=80"},"modified":"2021-05-03T17:44:55","modified_gmt":"2021-05-03T21:44:55","slug":"docentes-formacion-tecnica","status":"publish","type":"page","link":"https:\/\/www.coreduc.cl\/jsu\/docentes-formacion-tecnica\/","title":{"rendered":"Docentes Formaci\u00f3n T\u00e9cnica"},"content":{"rendered":"<div class=\"wpb-content-wrapper\"><p>[vc_row css_animation=\u00bb\u00bb row_type=\u00bbrow\u00bb use_row_as_full_screen_section=\u00bbno\u00bb type=\u00bbfull_width\u00bb angled_section=\u00bbno\u00bb text_align=\u00bbleft\u00bb background_image_as_pattern=\u00bbwithout_pattern\u00bb][vc_column][vc_column_text]<\/p>\n<table border=\"0\" width=\"100%\" cellspacing=\"0\" cellpadding=\"5\">\n<tbody>\n<tr>\n<td width=\"176\"><strong>NOMBRES<\/strong><\/td>\n<td width=\"97\"><strong>APELLIDO PATERNO<\/strong><\/td>\n<td width=\"98\"><strong>APELLIDO MATERNO<\/strong><\/td>\n<td width=\"277\"><strong>DOCENTES FORMACI\u00d3N T\u00c9CNICA<\/strong><\/td>\n<\/tr>\n<tr>\n<td valign=\"bottom\" nowrap=\"nowrap\" width=\"176\">CARMEN GLORIA<\/td>\n<td valign=\"bottom\" nowrap=\"nowrap\" width=\"97\">VILLEGAS<\/td>\n<td valign=\"bottom\" nowrap=\"nowrap\" width=\"98\">MARTIN<\/td>\n<td valign=\"bottom\" nowrap=\"nowrap\" width=\"277\">DOCENTE ADMINISTRACI\u00d3N<\/td>\n<\/tr>\n<tr>\n<td valign=\"bottom\" nowrap=\"nowrap\" width=\"176\">SUSANA ANG\u00c9LICA<\/td>\n<td valign=\"bottom\" nowrap=\"nowrap\" width=\"97\">P\u00c9REZ<\/td>\n<td valign=\"bottom\" nowrap=\"nowrap\" width=\"98\">MIRANDA<\/td>\n<td valign=\"bottom\" nowrap=\"nowrap\" width=\"277\">DOCENTE ADMINISTRACI\u00d3N<\/td>\n<\/tr>\n<tr>\n<td valign=\"bottom\" nowrap=\"nowrap\" width=\"176\">V\u00cdCTOR MANUEL<\/td>\n<td valign=\"bottom\" nowrap=\"nowrap\" width=\"97\">ROCHA<\/td>\n<td valign=\"bottom\" nowrap=\"nowrap\" width=\"98\">MONTERO<\/td>\n<td valign=\"bottom\" nowrap=\"nowrap\" width=\"277\">DOCENTE ADMINISTRACI\u00d3N<\/td>\n<\/tr>\n<tr>\n<td valign=\"bottom\" nowrap=\"nowrap\" width=\"176\">MICHEL EDUARDO<\/td>\n<td valign=\"bottom\" nowrap=\"nowrap\" width=\"97\">SALD\u00cdAS<\/td>\n<td valign=\"bottom\" nowrap=\"nowrap\" width=\"98\">JAQUE<\/td>\n<td valign=\"bottom\" nowrap=\"nowrap\" width=\"277\">DOCENTE MONTAJE INDUSTRIAL<\/td>\n<\/tr>\n<tr>\n<td valign=\"bottom\" nowrap=\"nowrap\" width=\"176\">LUIS MARIANO<\/td>\n<td valign=\"bottom\" nowrap=\"nowrap\" width=\"97\">CISTERNAS<\/td>\n<td valign=\"bottom\" nowrap=\"nowrap\" width=\"98\">RIFFO<\/td>\n<td valign=\"bottom\" nowrap=\"nowrap\" width=\"277\">DOCENTE MONTAJE INDUSTRIAL<\/td>\n<\/tr>\n<tr>\n<td valign=\"bottom\" nowrap=\"nowrap\" width=\"176\">GABRIEL GONZALO<\/td>\n<td valign=\"bottom\" nowrap=\"nowrap\" width=\"97\">RIVAS<\/td>\n<td valign=\"bottom\" nowrap=\"nowrap\" width=\"98\">PLACENCIA<\/td>\n<td valign=\"bottom\" nowrap=\"nowrap\" width=\"277\">DOCENTE MONTAJE INDUSTRIAL<\/td>\n<\/tr>\n<\/tbody>\n<\/table>\n<p>[\/vc_column_text][vc_empty_space][\/vc_column][\/vc_row]<\/p>\n<\/div>","protected":false},"excerpt":{"rendered":"<p>[vc_row css_animation=\u00bb\u00bb row_type=\u00bbrow\u00bb use_row_as_full_screen_section=\u00bbno\u00bb type=\u00bbfull_width\u00bb angled_section=\u00bbno\u00bb text_align=\u00bbleft\u00bb background_image_as_pattern=\u00bbwithout_pattern\u00bb][vc_column][vc_column_text] NOMBRES APELLIDO PATERNO APELLIDO MATERNO DOCENTES FORMACI\u00d3N T\u00c9CNICA CARMEN GLORIA VILLEGAS MARTIN DOCENTE ADMINISTRACI\u00d3N SUSANA ANG\u00c9LICA P\u00c9REZ MIRANDA DOCENTE ADMINISTRACI\u00d3N V\u00cdCTOR MANUEL ROCHA MONTERO DOCENTE ADMINISTRACI\u00d3N MICHEL EDUARDO SALD\u00cdAS JAQUE DOCENTE MONTAJE INDUSTRIAL LUIS MARIANO CISTERNAS RIFFO&#8230;<\/p>\n","protected":false},"author":6,"featured_media":0,"parent":0,"menu_order":0,"comment_status":"closed","ping_status":"closed","template":"","meta":{"footnotes":""},"class_list":["post-80","page","type-page","status-publish","hentry"],"_links":{"self":[{"href":"https:\/\/www.coreduc.cl\/jsu\/wp-json\/wp\/v2\/pages\/80","targetHints":{"allow":["GET"]}}],"collection":[{"href":"https:\/\/www.coreduc.cl\/jsu\/wp-json\/wp\/v2\/pages"}],"about":[{"href":"https:\/\/www.coreduc.cl\/jsu\/wp-json\/wp\/v2\/types\/page"}],"author":[{"embeddable":true,"href":"https:\/\/www.coreduc.cl\/jsu\/wp-json\/wp\/v2\/users\/6"}],"replies":[{"embeddable":true,"href":"https:\/\/www.coreduc.cl\/jsu\/wp-json\/wp\/v2\/comments?post=80"}],"version-history":[{"count":2,"href":"https:\/\/www.coreduc.cl\/jsu\/wp-json\/wp\/v2\/pages\/80\/revisions"}],"predecessor-version":[{"id":289,"href":"https:\/\/www.coreduc.cl\/jsu\/wp-json\/wp\/v2\/pages\/80\/revisions\/289"}],"wp:attachment":[{"href":"https:\/\/www.coreduc.cl\/jsu\/wp-json\/wp\/v2\/media?parent=80"}],"curies":[{"name":"wp","href":"https:\/\/api.w.org\/{rel}","templated":true}]}}